{"id":3502,"date":"2021-07-16T14:41:42","date_gmt":"2021-07-16T14:41:42","guid":{"rendered":"http:\/\/avozdecambra.pt\/?page_id=3502"},"modified":"2022-10-28T16:20:24","modified_gmt":"2022-10-28T16:20:24","slug":"fora-do-papel","status":"publish","type":"page","link":"https:\/\/avozdecambra.pt\/?page_id=3502","title":{"rendered":"&#8212;-"},"content":{"rendered":"\n<p>Podcast com Clarisse Sousa<\/p>\n\n\n\n<div class=\"wp-block-columns is-layout-flex wp-container-core-columns-is-layout-9d6595d7 wp-block-columns-is-layout-flex\">\n<div class=\"wp-block-column is-layout-flow wp-block-column-is-layout-flow\" style=\"flex-basis:33.33%\">\n<figure class=\"wp-block-image size-large\"><img loading=\"lazy\" decoding=\"async\" width=\"650\" height=\"364\" src=\"http:\/\/avozdecambra.pt\/wp-content\/uploads\/2021\/07\/ep01.jpg\" alt=\"\" class=\"wp-image-3522\" srcset=\"https:\/\/avozdecambra.pt\/wp-content\/uploads\/2021\/07\/ep01.jpg 650w, https:\/\/avozdecambra.pt\/wp-content\/uploads\/2021\/07\/ep01-300x168.jpg 300w\" sizes=\"auto, (max-width: 650px) 100vw, 650px\" \/><\/figure>\n<\/div>\n\n\n\n<div class=\"wp-block-column is-layout-flow wp-block-column-is-layout-flow\" style=\"flex-basis:66.66%\">\n<figure class=\"wp-block-audio\"><audio controls src=\"http:\/\/avozdecambra.pt\/wp-content\/uploads\/2021\/07\/Ep_00.mp3\"><\/audio><\/figure>\n\n\n\n<p>Neste primeiro epis\u00f3dio Clarisse Sousa apresenta o novo Podcast do jornal Voz de Cambra e fala-nos sobre a primeira s\u00e9rie do <strong><i>Fora do Papel<\/i><\/strong>: <em>Pol\u00edtica<\/em>. <\/p>\n<\/div>\n<\/div>\n\n\n\n<hr class=\"wp-block-separator has-css-opacity\"\/>\n\n\n\n<div class=\"wp-block-columns is-layout-flex wp-container-core-columns-is-layout-9d6595d7 wp-block-columns-is-layout-flex\">\n<div class=\"wp-block-column is-layout-flow wp-block-column-is-layout-flow\" style=\"flex-basis:33.33%\">\n<figure class=\"wp-block-image size-large\"><img loading=\"lazy\" decoding=\"async\" width=\"650\" height=\"364\" src=\"http:\/\/avozdecambra.pt\/wp-content\/uploads\/2021\/07\/ep02.jpg\" alt=\"\" class=\"wp-image-3529\" srcset=\"https:\/\/avozdecambra.pt\/wp-content\/uploads\/2021\/07\/ep02.jpg 650w, https:\/\/avozdecambra.pt\/wp-content\/uploads\/2021\/07\/ep02-300x168.jpg 300w\" sizes=\"auto, (max-width: 650px) 100vw, 650px\" \/><\/figure>\n<\/div>\n\n\n\n<div class=\"wp-block-column is-layout-flow wp-block-column-is-layout-flow\" style=\"flex-basis:66.66%\">\n<figure class=\"wp-block-audio\"><audio controls src=\"http:\/\/avozdecambra.pt\/wp-content\/uploads\/2021\/07\/ep.02.m4a\"><\/audio><\/figure>\n\n\n\n<p>No segundo epis\u00f3dio da s\u00e9rie <em>Pol\u00edtica<\/em>, do <strong><em>Fora do Papel<\/em><\/strong>, Clarisse Sousa explica-nos o que \u00e9 a pol\u00edtica e para que serve. <br>Em entrevista, <strong>Frederico Martins<\/strong>, candidato do PSD \u00e0 C\u00e2mara Municipal de Vale de Cambra diz <strong>o que vai fazer para fixar os jovens em Vale de Cambra.<\/strong><\/p>\n<\/div>\n<\/div>\n\n\n\n<hr class=\"wp-block-separator has-css-opacity\"\/>\n\n\n\n<div class=\"wp-block-columns is-layout-flex wp-container-core-columns-is-layout-9d6595d7 wp-block-columns-is-layout-flex\">\n<div class=\"wp-block-column is-layout-flow wp-block-column-is-layout-flow\" style=\"flex-basis:33.33%\">\n<figure class=\"wp-block-image size-large\"><img loading=\"lazy\" decoding=\"async\" width=\"650\" height=\"364\" src=\"http:\/\/avozdecambra.pt\/wp-content\/uploads\/2021\/07\/ep03-1.jpg\" alt=\"\" class=\"wp-image-3582\" srcset=\"https:\/\/avozdecambra.pt\/wp-content\/uploads\/2021\/07\/ep03-1.jpg 650w, https:\/\/avozdecambra.pt\/wp-content\/uploads\/2021\/07\/ep03-1-300x168.jpg 300w\" sizes=\"auto, (max-width: 650px) 100vw, 650px\" \/><\/figure>\n<\/div>\n\n\n\n<div class=\"wp-block-column is-layout-flow wp-block-column-is-layout-flow\" style=\"flex-basis:66.66%\">\n<figure class=\"wp-block-audio\"><audio controls src=\"http:\/\/avozdecambra.pt\/wp-content\/uploads\/2021\/07\/7-Facebook.mp3\"><\/audio><\/figure>\n\n\n\n<p>Neste epis\u00f3dio da s\u00e9rie <em>Pol\u00edtica<\/em> do <strong>Fora do Papel<\/strong>, Clarisse Sousa explica que tipo de elei\u00e7\u00f5es existem, quais os partidos pol\u00edticos e fala-nos duma curiosidade pol\u00edtica sobre Vale de Cambra.<br>Em entrevista, <strong>Tiago Fernandes<\/strong>, candidato independente apoiado pelo PS \u00e0 C\u00e2mara Municipal de Vale de Cambra responde \u00e0 pergunta &#8220;<strong>O que vai fazer para os jovens continuarem em Vale de Cambra?<\/strong>&#8220;<\/p>\n<\/div>\n<\/div>\n\n\n\n<hr class=\"wp-block-separator has-css-opacity\"\/>\n\n\n\n<div class=\"wp-block-columns is-layout-flex wp-container-core-columns-is-layout-9d6595d7 wp-block-columns-is-layout-flex\">\n<div class=\"wp-block-column is-layout-flow wp-block-column-is-layout-flow\" style=\"flex-basis:33.33%\">\n<figure class=\"wp-block-image size-full\"><img loading=\"lazy\" decoding=\"async\" width=\"650\" height=\"364\" src=\"http:\/\/avozdecambra.pt\/wp-content\/uploads\/2021\/08\/Ep04.jpg\" alt=\"\" class=\"wp-image-3806\" srcset=\"https:\/\/avozdecambra.pt\/wp-content\/uploads\/2021\/08\/Ep04.jpg 650w, https:\/\/avozdecambra.pt\/wp-content\/uploads\/2021\/08\/Ep04-300x168.jpg 300w\" sizes=\"auto, (max-width: 650px) 100vw, 650px\" \/><\/figure>\n<\/div>\n\n\n\n<div class=\"wp-block-column is-layout-flow wp-block-column-is-layout-flow\" style=\"flex-basis:66.66%\">\n<figure class=\"wp-block-audio\"><audio controls src=\"http:\/\/avozdecambra.pt\/wp-content\/uploads\/2021\/08\/Ep_04.mp3\"><\/audio><\/figure>\n\n\n\n<p>Neste epis\u00f3dio da s\u00e9rie <em>Pol\u00edtica<\/em> do <strong>Fora do Papel<\/strong>, Clarisse Sousa fala sobre as diferen\u00e7as ideol\u00f3gicas dos partidos de esquerda e de direita e o exemplo do passado pol\u00edtico de Vale de Cambra nesta tem\u00e1tica.<br>Em entrevista a <strong>Jos\u00e9 Pinheiro<\/strong>, candidato pelo CDS \u00e0 C\u00e2mara de Vale de Cambra, Clarisse questiona sobre &#8220;<strong>o que vai fazer para manter os jovens em Vale de Cambra&#8221;<\/strong>.<\/p>\n<\/div>\n<\/div>\n\n\n\n<hr class=\"wp-block-separator has-css-opacity\"\/>\n\n\n\n<div class=\"wp-block-columns is-layout-flex wp-container-core-columns-is-layout-9d6595d7 wp-block-columns-is-layout-flex\">\n<div class=\"wp-block-column is-layout-flow wp-block-column-is-layout-flow\" style=\"flex-basis:33.33%\">\n<figure class=\"wp-block-image size-full\"><img loading=\"lazy\" decoding=\"async\" width=\"650\" height=\"364\" src=\"http:\/\/avozdecambra.pt\/wp-content\/uploads\/2021\/09\/ep05.jpg\" alt=\"\" class=\"wp-image-3950\" srcset=\"https:\/\/avozdecambra.pt\/wp-content\/uploads\/2021\/09\/ep05.jpg 650w, https:\/\/avozdecambra.pt\/wp-content\/uploads\/2021\/09\/ep05-300x168.jpg 300w\" sizes=\"auto, (max-width: 650px) 100vw, 650px\" \/><\/figure>\n<\/div>\n\n\n\n<div class=\"wp-block-column is-layout-flow wp-block-column-is-layout-flow\" style=\"flex-basis:66.66%\">\n<figure class=\"wp-block-audio\"><audio controls src=\"http:\/\/avozdecambra.pt\/wp-content\/uploads\/2021\/09\/Ep_05.mp3\"><\/audio><\/figure>\n\n\n\n<p>Neste epis\u00f3dio da s\u00e9rie <em>Pol\u00edtica<\/em> do <strong>Fora do Papel<\/strong>, Clarisse Sousa fala sobre diferentes org\u00e3os pol\u00edticos e o seu papel. <br>Em entrevista a <strong>Paulo Oliveira<\/strong>, candidato pelo BE \u00e0 C\u00e2mara de Vale de Cambra, Clarisse questiona sobre &#8220;<strong>o que vai fazer para manter os jovens em Vale de Cambra&#8221;<\/strong>.<\/p>\n<\/div>\n<\/div>\n\n\n\n<p><\/p>\n","protected":false},"excerpt":{"rendered":"<p>Podcast com Clarisse Sousa Neste primeiro epis\u00f3dio Clarisse Sousa apresenta o novo Podcast do jornal Voz de Cambra e fala-nos sobre a primeira s\u00e9rie do Fora do Papel: Pol\u00edtica. No segundo epis\u00f3dio da s\u00e9rie Pol\u00edtica, do Fora do Papel, Clarisse Sousa explica-nos o que \u00e9 a pol\u00edtica e para que serve. Em entrevista, Frederico Martins,<\/p>\n","protected":false},"author":2,"featured_media":3503,"parent":0,"menu_order":0,"comment_status":"closed","ping_status":"closed","template":"","meta":{"_monsterinsights_skip_tracking":false,"_monsterinsights_sitenote_active":false,"_monsterinsights_sitenote_note":"","_monsterinsights_sitenote_category":0,"footnotes":""},"class_list":["post-3502","page","type-page","status-publish","has-post-thumbnail"],"aioseo_notices":[],"_links":{"self":[{"href":"https:\/\/avozdecambra.pt\/index.php?rest_route=\/wp\/v2\/pages\/3502","targetHints":{"allow":["GET"]}}],"collection":[{"href":"https:\/\/avozdecambra.pt\/index.php?rest_route=\/wp\/v2\/pages"}],"about":[{"href":"https:\/\/avozdecambra.pt\/index.php?rest_route=\/wp\/v2\/types\/page"}],"author":[{"embeddable":true,"href":"https:\/\/avozdecambra.pt\/index.php?rest_route=\/wp\/v2\/users\/2"}],"replies":[{"embeddable":true,"href":"https:\/\/avozdecambra.pt\/index.php?rest_route=%2Fwp%2Fv2%2Fcomments&post=3502"}],"version-history":[{"count":22,"href":"https:\/\/avozdecambra.pt\/index.php?rest_route=\/wp\/v2\/pages\/3502\/revisions"}],"predecessor-version":[{"id":6978,"href":"https:\/\/avozdecambra.pt\/index.php?rest_route=\/wp\/v2\/pages\/3502\/revisions\/6978"}],"wp:featuredmedia":[{"embeddable":true,"href":"https:\/\/avozdecambra.pt\/index.php?rest_route=\/wp\/v2\/media\/3503"}],"wp:attachment":[{"href":"https:\/\/avozdecambra.pt\/index.php?rest_route=%2Fwp%2Fv2%2Fmedia&parent=3502"}],"curies":[{"name":"wp","href":"https:\/\/api.w.org\/{rel}","templated":true}]}}